{"id":32684,"date":"2017-04-29T23:15:42","date_gmt":"2017-04-29T21:15:42","guid":{"rendered":"https:\/\/www.l-escala.com\/pas-de-la-casa\/"},"modified":"2023-08-22T17:05:18","modified_gmt":"2023-08-22T15:05:18","slug":"information-pas-de-la-case","status":"publish","type":"page","link":"https:\/\/www.l-escala.com\/fr\/information-pas-de-la-case\/","title":{"rendered":"\u00c0 propos de Pas de la Case"},"content":{"rendered":"<section class=\"wpb-content-wrapper\"><p>[vc_row content_placement=&#8221;middle&#8221; css=&#8221;.vc_custom_1640633297977{padding-top: 40px !important;}&#8221;][vc_column][vc_custom_heading text=&#8221;Pas de la Case : une histoire de commerce et d&#8217;avantages fiscaux \u00e0 la fronti\u00e8re entre l&#8217;Andorre et la France&#8221; font_container=&#8221;tag:h1|font_size:34|text_align:center|color:%23e1007a|line_height:45px&#8221; use_theme_fonts=&#8221;yes&#8221;][vc_text_separator title=&#8221;&#8221; i_icon_fontawesome=&#8221;fas fa-mountain&#8221; i_color=&#8221;grey&#8221; i_size=&#8221;sm&#8221; el_width=&#8221;30&#8243; add_icon=&#8221;true&#8221;][vc_empty_space height=&#8221;30px&#8221;][vc_row_inner][vc_column_inner width=&#8221;1\/3&#8243;][vc_column_text]<span class=\"TextRun SCXW58473265 BCX0\" lang=\"FR-FR\" xml:lang=\"FR-FR\" data-contrast=\"auto\"><span class=\"NormalTextRun SCXW58473265 BCX0\">Bienvenue <\/span><span class=\"NormalTextRun SCXW58473265 BCX0\">au<\/span><span class=\"NormalTextRun SCXW58473265 BCX0\"> Pas de la <\/span><span class=\"NormalTextRun SCXW58473265 BCX0\">Case<\/span><span class=\"NormalTextRun SCXW58473265 BCX0\">, un petit village commercial situ\u00e9 \u00e0 la fronti\u00e8re entre l&#8217;Andorre et la France. Cette localit\u00e9 est connue pour son histoire riche en commerce et ses avantages fiscaux, une destination pris\u00e9e pour les acheteurs. Dans cet article, nous explorerons l&#8217;histoire fascinante d<\/span><span class=\"NormalTextRun SCXW58473265 BCX0\">u<\/span><span class=\"NormalTextRun SCXW58473265 BCX0\"> Pas de la <\/span><span class=\"NormalTextRun SCXW58473265 BCX0\">Case<\/span><span class=\"NormalTextRun SCXW58473265 BCX0\"> et comment il est devenu un paradis commercial avec des prix bas et des exemptions fiscales.<\/span><\/span>[\/vc_column_text][\/vc_column_inner][vc_column_inner width=&#8221;1\/3&#8243;][vc_single_image image=&#8221;32436&#8243; img_size=&#8221;full&#8221; alignment=&#8221;center&#8221; style=&#8221;vc_box_rounded&#8221;][\/vc_column_inner][vc_column_inner width=&#8221;1\/3&#8243;][vc_progress_bar values=&#8221;%5B%7B%22label%22%3A%22Commerce%22%2C%22value%22%3A%2290%22%2C%22color%22%3A%22bar_turquoise%22%7D%2C%7B%22label%22%3A%22Loisirs%22%2C%22value%22%3A%2280%22%2C%22color%22%3A%22vista-blue%22%7D%2C%7B%22label%22%3A%22Restauration%22%2C%22value%22%3A%2270%22%2C%22color%22%3A%22bar_orange%22%7D%2C%7B%22label%22%3A%22Nature%22%2C%22value%22%3A%2278%22%2C%22color%22%3A%22pink%22%7D%5D&#8221;][\/vc_column_inner][\/vc_row_inner][\/vc_column][\/vc_row][vc_row css=&#8221;.vc_custom_1686220965672{margin-top: 20px !important;margin-bottom: 40px !important;}&#8221;][vc_column][vc_custom_heading text=&#8221;UN PEU DE CONTEXTE SUR PAS DE LA CASE&#8221; font_container=&#8221;tag:h2|text_align:center&#8221; google_fonts=&#8221;font_family:Lato%3A100%2C100italic%2C300%2C300italic%2Cregular%2Citalic%2C700%2C700italic%2C900%2C900italic|font_style:400%20regular%3A400%3Anormal&#8221;][vc_text_separator title=&#8221;&#8221; i_icon_fontawesome=&#8221;fa fa-arrow-down&#8221; i_color=&#8221;grey&#8221; i_size=&#8221;sm&#8221; el_width=&#8221;30&#8243; add_icon=&#8221;true&#8221;]<div id=\"mpc_accordion-5169f2f249d8da2\" class=\"mpc-accordion mpc-init mpc-transition mpc-accordion--toggle \" ><ul class=\"mpc-accordion__content\"><li class=\"mpc-accordion__item \"><div class=\"mpc-accordion-item__heading mpc-transition mpc-active\"><div data-id=\"mpc_icon-1969f2f249d8d8e\" class=\"mpc-icon mpc-init mpc-transition mpc-effect-fade mpc-icon-hover \"><div class=\"mpc-icon-wrap\"><i class=\"mpc-icon-part mpc-regular mpc-transition  eti eti_arrow_right_alt\"><\/i><i class=\"mpc-icon-part mpc-hover mpc-transition  eti eti_like_alt\"><\/i><\/div><\/div><h3>PAS DE LA CASE, UN POINT STRAT\u00c9GIQUE DE PASSAGE COMMERCIAL<\/h3><\/div><div class=\"mpc-accordion-item__content mpc-container\"  data-active=\"true\"><div class=\"mpc-accordion-item__wrapper\"><div id=\"mpc_textblock-7369f2f249d8e85\" class=\"mpc-textblock mpc-init \"><p><span class=\"NormalTextRun SCXW237785134 BCX0\">Situ\u00e9 \u00e0 2080 m\u00e8tres d&#8217;altitude, <\/span><span class=\"NormalTextRun SCXW237785134 BCX0\">le <\/span><span class=\"NormalTextRun SCXW237785134 BCX0\">Pas de la <\/span><span class=\"NormalTextRun SCXW237785134 BCX0\">Case<\/span><span class=\"NormalTextRun SCXW237785134 BCX0\"> a historiquement \u00e9t\u00e9 un point de passage important entre l&#8217;Andorre et la France. Depuis les ann\u00e9es 30 du XXe si\u00e8cle, cette localit\u00e9 a \u00e9t\u00e9 un lieu de rencontre pour les commer\u00e7ants et les acheteurs des deux pays. Son emplacement <\/span><span class=\"NormalTextRun SCXW237785134 BCX0\">g\u00e9ographique unique \u00e0 la fronti\u00e8re a jou\u00e9 un r\u00f4le cl\u00e9 dans le d\u00e9veloppement de son caract\u00e8re commercial.<\/span><\/p>\n<\/div><\/div><\/div><\/li><li class=\"mpc-accordion__item \"><div class=\"mpc-accordion-item__heading mpc-transition\"><div data-id=\"mpc_icon-1969f2f249d8d8e\" class=\"mpc-icon mpc-init mpc-transition mpc-effect-fade mpc-icon-hover \"><div class=\"mpc-icon-wrap\"><i class=\"mpc-icon-part mpc-regular mpc-transition  eti eti_arrow_right_alt\"><\/i><i class=\"mpc-icon-part mpc-hover mpc-transition  eti eti_like_alt\"><\/i><\/div><\/div><h3>LES D\u00c9BUTS DU COMMERCE \u00c0 PAS DE LA CASE<\/h3><\/div><div class=\"mpc-accordion-item__content mpc-container\" ><div class=\"mpc-accordion-item__wrapper\"><div id=\"mpc_textblock-5269f2f249d8f03\" class=\"mpc-textblock mpc-init \"><p><span class=\"TextRun SCXW193762350 BCX0\" lang=\"FR-FR\" xml:lang=\"FR-FR\" data-contrast=\"auto\"><span class=\"NormalTextRun SCXW193762350 BCX0\">Le <\/span><span class=\"NormalTextRun SCXW193762350 BCX0\">Pas de la <\/span><span class=\"NormalTextRun SCXW193762350 BCX0\">Case<\/span><span class=\"NormalTextRun SCXW193762350 BCX0\"> a commenc\u00e9 \u00e0 gagner en importance en tant que centre commercial lorsque la route entre le centre de l&#8217;Andorre et le hameau a \u00e9t\u00e9 construite au d\u00e9but du XXe si\u00e8cle. Les commer\u00e7ants locaux ont commenc\u00e9 \u00e0 ouvrir des magasins et des entreprises pour r\u00e9pondre aux besoins des voyageurs et des r\u00e9sidents en augmentation du hameau \u00e0 l&#8217;\u00e9poque. Le commerce s&#8217;est rapidement d\u00e9velopp\u00e9 et <\/span><span class=\"NormalTextRun SCXW193762350 BCX0\">le <\/span><span class=\"NormalTextRun SCXW193762350 BCX0\">Pas de la <\/span><span class=\"NormalTextRun SCXW193762350 BCX0\">Case<\/span><span class=\"NormalTextRun SCXW193762350 BCX0\"> est devenu un endroit anim\u00e9 rempli d&#8217;activit\u00e9 commerciale. Ce qui a commenc\u00e9 en 1918 avec la construction d&#8217;un refuge sur la rive gauche de la rivi\u00e8re Ari\u00e8ge n&#8217;a cess\u00e9 de cro\u00eetre jusqu&#8217;\u00e0 aujourd&#8217;hui, avec une population d&#8217;environ 2000 habitants.<\/span><\/span><\/p>\n<\/div><\/div><\/div><\/li><li class=\"mpc-accordion__item \"><div class=\"mpc-accordion-item__heading mpc-transition\"><div data-id=\"mpc_icon-1969f2f249d8d8e\" class=\"mpc-icon mpc-init mpc-transition mpc-effect-fade mpc-icon-hover \"><div class=\"mpc-icon-wrap\"><i class=\"mpc-icon-part mpc-regular mpc-transition  eti eti_arrow_right_alt\"><\/i><i class=\"mpc-icon-part mpc-hover mpc-transition  eti eti_like_alt\"><\/i><\/div><\/div><h3>LES PRIX BAS ET LE TAX FREE<\/h3><\/div><div class=\"mpc-accordion-item__content mpc-container\" ><div class=\"mpc-accordion-item__wrapper\"><div id=\"mpc_textblock-2669f2f249d8f6a\" class=\"mpc-textblock mpc-init \"><p><span class=\"NormalTextRun SCXW16352618 BCX0\">L&#8217;une des caract\u00e9ristiques qui a fait d<\/span><span class=\"NormalTextRun SCXW16352618 BCX0\">u<\/span><span class=\"NormalTextRun SCXW16352618 BCX0\"> Pas de la <\/span><span class=\"NormalTextRun SCXW16352618 BCX0\">Case<\/span><span class=\"NormalTextRun SCXW16352618 BCX0\"> une destination si populaire est sa r\u00e9putation de proposer des prix bas. Gr\u00e2ce aux taxes plus basses en Andorre, les commerces d<\/span><span class=\"NormalTextRun SCXW16352618 BCX0\">u<\/span><span class=\"NormalTextRun SCXW16352618 BCX0\"> Pas de la <\/span><span class=\"NormalTextRun SCXW16352618 BCX0\">Case<\/span><span class=\"NormalTextRun SCXW16352618 BCX0\"> peuvent offrir des produits \u00e0 des prix tr\u00e8s comp\u00e9titifs par rapport \u00e0 d&#8217;autres endroits de la r\u00e9gion. Cet avantage \u00e9conomique a attir\u00e9 des visiteurs du monde entier, recherchant des prix bas sur une large gamme de produits.<\/span><\/p>\n<\/div><\/div><\/div><\/li><li class=\"mpc-accordion__item \"><div class=\"mpc-accordion-item__heading mpc-transition\"><div data-id=\"mpc_icon-1969f2f249d8d8e\" class=\"mpc-icon mpc-init mpc-transition mpc-effect-fade mpc-icon-hover \"><div class=\"mpc-icon-wrap\"><i class=\"mpc-icon-part mpc-regular mpc-transition  eti eti_arrow_right_alt\"><\/i><i class=\"mpc-icon-part mpc-hover mpc-transition  eti eti_like_alt\"><\/i><\/div><\/div><h3>L'EXEMPTION D'IMP\u00d4TS ET LES AVANTAGES FISCAUX<\/h3><\/div><div class=\"mpc-accordion-item__content mpc-container\" ><div class=\"mpc-accordion-item__wrapper\"><div id=\"mpc_textblock-4969f2f249d8fc1\" class=\"mpc-textblock mpc-init \"><p><span class=\"NormalTextRun SCXW105449942 BCX0\">Une autre raison pour laquelle <\/span><span class=\"NormalTextRun SCXW105449942 BCX0\">le <\/span><span class=\"NormalTextRun SCXW105449942 BCX0\">Pas de la <\/span><span class=\"NormalTextRun SCXW105449942 BCX0\">Case<\/span><span class=\"NormalTextRun SCXW105449942 BCX0\"> est une destination aussi attrayante est sa politique d&#8217;exemption d&#8217;imp\u00f4ts. Les acheteurs peuvent b\u00e9n\u00e9ficier d&#8217;avantages fiscaux importants sur de nombreux articles, car l&#8217;Andorre ne facture pas la TVA (taxe sur la valeur ajout\u00e9e) dans ses transactions commerciales. Cela fait d<\/span><span class=\"NormalTextRun SCXW105449942 BCX0\">u<\/span><span class=\"NormalTextRun SCXW105449942 BCX0\"> Pas de la <\/span><span class=\"NormalTextRun SCXW105449942 BCX0\">Case<\/span><span class=\"NormalTextRun SCXW105449942 BCX0\"> un endroit id\u00e9al pour les achats importants tels que l&#8217;\u00e9lectronique, les v\u00eatements, le tabac et l&#8217;alcool.<\/span><\/p>\n<\/div><\/div><\/div><\/li><li class=\"mpc-accordion__item \"><div class=\"mpc-accordion-item__heading mpc-transition\"><div data-id=\"mpc_icon-1969f2f249d8d8e\" class=\"mpc-icon mpc-init mpc-transition mpc-effect-fade mpc-icon-hover \"><div class=\"mpc-icon-wrap\"><i class=\"mpc-icon-part mpc-regular mpc-transition  eti eti_arrow_right_alt\"><\/i><i class=\"mpc-icon-part mpc-hover mpc-transition  eti eti_like_alt\"><\/i><\/div><\/div><h3>L'\u00c9VOLUTION DU PAS DE LA CASE<\/h3><\/div><div class=\"mpc-accordion-item__content mpc-container\" ><div class=\"mpc-accordion-item__wrapper\"><div id=\"mpc_textblock-8469f2f249d9013\" class=\"mpc-textblock mpc-init \"><p><span class=\"TextRun SCXW54508813 BCX0\" lang=\"FR-FR\" xml:lang=\"FR-FR\" data-contrast=\"auto\"><span class=\"NormalTextRun SCXW54508813 BCX0\">Avec le temps, <\/span><span class=\"NormalTextRun SCXW54508813 BCX0\">le <\/span><span class=\"NormalTextRun SCXW54508813 BCX0\">Pas de la <\/span><span class=\"NormalTextRun SCXW54508813 BCX0\">Case<\/span><span class=\"NormalTextRun SCXW54508813 BCX0\"> est devenu une destination commerciale moderne avec une grande vari\u00e9t\u00e9 de boutiques, de centres commerciaux et de restaurants. L&#8217;infrastructure s&#8217;est adapt\u00e9e pour r\u00e9pondre aux besoins des visiteurs en offrant des parkings, des services touristiques et un large \u00e9ventail d&#8217;options d&#8217;h\u00e9bergement. De plus, la connexion avec les stations de ski voisines a fait d<\/span><span class=\"NormalTextRun SCXW54508813 BCX0\">u<\/span><span class=\"NormalTextRun SCXW54508813 BCX0\"> Pas de la <\/span><span class=\"NormalTextRun SCXW54508813 BCX0\">Case<\/span><span class=\"NormalTextRun SCXW54508813 BCX0\"> une destination pris\u00e9e pour les amateurs de<\/span><span class=\"NormalTextRun SCXW54508813 BCX0\">s <\/span><span class=\"NormalTextRun SCXW54508813 BCX0\">sports d&#8217;hiver.<\/span><\/span><\/p>\n<\/div><\/div><\/div><\/li><li class=\"mpc-accordion__item \"><div class=\"mpc-accordion-item__heading mpc-transition\"><div data-id=\"mpc_icon-1969f2f249d8d8e\" class=\"mpc-icon mpc-init mpc-transition mpc-effect-fade mpc-icon-hover \"><div class=\"mpc-icon-wrap\"><i class=\"mpc-icon-part mpc-regular mpc-transition  eti eti_arrow_right_alt\"><\/i><i class=\"mpc-icon-part mpc-hover mpc-transition  eti eti_like_alt\"><\/i><\/div><\/div><h3>CONCLUSION<\/h3><\/div><div class=\"mpc-accordion-item__content mpc-container\" ><div class=\"mpc-accordion-item__wrapper\"><div id=\"mpc_textblock-1869f2f249d906b\" class=\"mpc-textblock mpc-init \"><p><span class=\"TextRun SCXW68366650 BCX0\" lang=\"FR-FR\" xml:lang=\"FR-FR\" data-contrast=\"auto\"><span class=\"NormalTextRun SCXW68366650 BCX0\">Le <\/span><span class=\"NormalTextRun SCXW68366650 BCX0\">Pas de la <\/span><span class=\"NormalTextRun SCXW68366650 BCX0\">Case<\/span><span class=\"NormalTextRun SCXW68366650 BCX0\"> est un village commercial unique avec une histoire riche et un emplacement strat\u00e9gique \u00e0 la fronti\u00e8re entre l&#8217;Andorre et la France. Ses prix comp\u00e9titifs et ses avantages fiscaux en ont fait une destination d&#8217;achat pr\u00e9f\u00e9r\u00e9e pour de nombreux visiteurs. Que ce soit pour ses boutiques, ses restaurants ou ses activit\u00e9s de plein air, <\/span><span class=\"NormalTextRun SCXW68366650 BCX0\">le <\/span><span class=\"NormalTextRun SCXW68366650 BCX0\">Pas de la <\/span><span class=\"NormalTextRun SCXW68366650 BCX0\">Case<\/span><span class=\"NormalTextRun SCXW68366650 BCX0\"> offre une <\/span><span class=\"NormalTextRun SCXW68366650 BCX0\">exp\u00e9rience unique \u00e0 tous ceux qui le visitent. D\u00e9couvrez cette charmante localit\u00e9 et profitez de son atmosph\u00e8re commerciale dynamique et de ses avantages \u00e9conomiques.<\/span><\/span><\/p>\n<\/div><\/div><\/div><\/li><\/ul><\/div>[\/vc_column][\/vc_row]<\/p>\n<\/section>","protected":false},"excerpt":{"rendered":"<p>[vc_row content_placement=&#8221;middle&#8221; css=&#8221;.vc_custom_1640633297977{padding-top: 40px !important;}&#8221;][vc_column][vc_custom_heading text=&#8221;Pas de la Case : une histoire de commerce et d&#8217;avantages fiscaux \u00e0 la fronti\u00e8re entre l&#8217;Andorre et la France&#8221; font_container=&#8221;tag:h1|font_size:34|text_align:center|color:%23e1007a|line_height:45px&#8221; use_theme_fonts=&#8221;yes&#8221;][vc_text_separator title=&#8221;&#8221; i_icon_fontawesome=&#8221;fas fa-mountain&#8221; i_color=&#8221;grey&#8221; i_size=&#8221;sm&#8221; el_width=&#8221;30&#8243; add_icon=&#8221;true&#8221;][vc_empty_space height=&#8221;30px&#8221;][vc_row_inner][vc_column_inner width=&#8221;1\/3&#8243;][vc_column_text]Bienvenue au Pas de la Case, un petit village commercial situ\u00e9 \u00e0 la fronti\u00e8re entre l&#8217;Andorre et la France. Cette<\/p>\n","protected":false},"author":3,"featured_media":0,"parent":0,"menu_order":0,"comment_status":"closed","ping_status":"closed","template":"","meta":{"om_disable_all_campaigns":false,"_monsterinsights_skip_tracking":false,"_monsterinsights_sitenote_active":false,"_monsterinsights_sitenote_note":"","_monsterinsights_sitenote_category":0,"_uf_show_specific_survey":0,"_uf_disable_surveys":false,"footnotes":""},"class_list":["post-32684","page","type-page","status-publish","hentry"],"yoast_head":"<!-- This site is optimized with the Yoast SEO plugin v26.8 - https:\/\/yoast.com\/product\/yoast-seo-wordpress\/ -->\n<title>\u00c0 propos de Pas de la Case - L&#039;Escala<\/title>\n<meta name=\"robots\" content=\"index, follow, max-snippet:-1, max-image-preview:large, max-video-preview:-1\" \/>\n<link rel=\"canonical\" href=\"https:\/\/www.l-escala.com\/fr\/information-pas-de-la-case\/\" \/>\n<meta property=\"og:locale\" content=\"fr_FR\" \/>\n<meta property=\"og:type\" content=\"article\" \/>\n<meta property=\"og:title\" content=\"\u00c0 propos de Pas de la Case - L&#039;Escala\" \/>\n<meta property=\"og:description\" content=\"[vc_row content_placement=&#8221;middle&#8221; css=&#8221;.vc_custom_1640633297977{padding-top: 40px !important;}&#8221;][vc_column][vc_custom_heading text=&#8221;Pas de la Case : une histoire de commerce et d&#8217;avantages fiscaux \u00e0 la fronti\u00e8re entre l&#8217;Andorre et la France&#8221; font_container=&#8221;tag:h1|font_size:34|text_align:center|color:%23e1007a|line_height:45px&#8221; use_theme_fonts=&#8221;yes&#8221;][vc_text_separator title=&#8221;&#8221; i_icon_fontawesome=&#8221;fas fa-mountain&#8221; i_color=&#8221;grey&#8221; i_size=&#8221;sm&#8221; el_width=&#8221;30&#8243; add_icon=&#8221;true&#8221;][vc_empty_space height=&#8221;30px&#8221;][vc_row_inner][vc_column_inner width=&#8221;1\/3&#8243;][vc_column_text]Bienvenue au Pas de la Case, un petit village commercial situ\u00e9 \u00e0 la fronti\u00e8re entre l&#8217;Andorre et la France. Cette\" \/>\n<meta property=\"og:url\" content=\"https:\/\/www.l-escala.com\/fr\/information-pas-de-la-case\/\" \/>\n<meta property=\"og:site_name\" content=\"L&#039;Escala\" \/>\n<meta property=\"article:publisher\" content=\"https:\/\/www.facebook.com\/escalastore\" \/>\n<meta property=\"article:modified_time\" content=\"2023-08-22T15:05:18+00:00\" \/>\n<meta name=\"twitter:card\" content=\"summary_large_image\" \/>\n<meta name=\"twitter:label1\" content=\"Dur\u00e9e de lecture estim\u00e9e\" \/>\n\t<meta name=\"twitter:data1\" content=\"4 minutes\" \/>\n<script type=\"application\/ld+json\" class=\"yoast-schema-graph\">{\"@context\":\"https:\/\/schema.org\",\"@graph\":[{\"@type\":\"WebPage\",\"@id\":\"https:\/\/www.l-escala.com\/fr\/information-pas-de-la-case\/\",\"url\":\"https:\/\/www.l-escala.com\/fr\/information-pas-de-la-case\/\",\"name\":\"\u00c0 propos de Pas de la Case - L&#039;Escala\",\"isPartOf\":{\"@id\":\"https:\/\/www.l-escala.com\/fr\/#website\"},\"datePublished\":\"2017-04-29T21:15:42+00:00\",\"dateModified\":\"2023-08-22T15:05:18+00:00\",\"breadcrumb\":{\"@id\":\"https:\/\/www.l-escala.com\/fr\/information-pas-de-la-case\/#breadcrumb\"},\"inLanguage\":\"fr-FR\",\"potentialAction\":[{\"@type\":\"ReadAction\",\"target\":[\"https:\/\/www.l-escala.com\/fr\/information-pas-de-la-case\/\"]}]},{\"@type\":\"BreadcrumbList\",\"@id\":\"https:\/\/www.l-escala.com\/fr\/information-pas-de-la-case\/#breadcrumb\",\"itemListElement\":[{\"@type\":\"ListItem\",\"position\":1,\"name\":\"Inici\",\"item\":\"https:\/\/www.l-escala.com\/fr\/\"},{\"@type\":\"ListItem\",\"position\":2,\"name\":\"\u00c0 propos de Pas de la Case\"}]},{\"@type\":\"WebSite\",\"@id\":\"https:\/\/www.l-escala.com\/fr\/#website\",\"url\":\"https:\/\/www.l-escala.com\/fr\/\",\"name\":\"L'Escala electronic store\",\"description\":\"Botiga d&#039;electr\u00f2nica al Pas de la Casa\",\"publisher\":{\"@id\":\"https:\/\/www.l-escala.com\/fr\/#organization\"},\"potentialAction\":[{\"@type\":\"SearchAction\",\"target\":{\"@type\":\"EntryPoint\",\"urlTemplate\":\"https:\/\/www.l-escala.com\/fr\/?s={search_term_string}\"},\"query-input\":{\"@type\":\"PropertyValueSpecification\",\"valueRequired\":true,\"valueName\":\"search_term_string\"}}],\"inLanguage\":\"fr-FR\"},{\"@type\":\"Organization\",\"@id\":\"https:\/\/www.l-escala.com\/fr\/#organization\",\"name\":\"L'Escala electronic store\",\"url\":\"https:\/\/www.l-escala.com\/fr\/\",\"logo\":{\"@type\":\"ImageObject\",\"inLanguage\":\"fr-FR\",\"@id\":\"https:\/\/www.l-escala.com\/fr\/#\/schema\/logo\/image\/\",\"url\":\"https:\/\/www.l-escala.com\/wp-content\/uploads\/2023\/05\/logo-escala-SEO.jpg\",\"contentUrl\":\"https:\/\/www.l-escala.com\/wp-content\/uploads\/2023\/05\/logo-escala-SEO.jpg\",\"width\":696,\"height\":696,\"caption\":\"L'Escala electronic store\"},\"image\":{\"@id\":\"https:\/\/www.l-escala.com\/fr\/#\/schema\/logo\/image\/\"},\"sameAs\":[\"https:\/\/www.facebook.com\/escalastore\",\"https:\/\/www.instagram.com\/lescalastore\/\"]}]}<\/script>\n<!-- \/ Yoast SEO plugin. -->","yoast_head_json":{"title":"\u00c0 propos de Pas de la Case - L&#039;Escala","robots":{"index":"index","follow":"follow","max-snippet":"max-snippet:-1","max-image-preview":"max-image-preview:large","max-video-preview":"max-video-preview:-1"},"canonical":"https:\/\/www.l-escala.com\/fr\/information-pas-de-la-case\/","og_locale":"fr_FR","og_type":"article","og_title":"\u00c0 propos de Pas de la Case - L&#039;Escala","og_description":"[vc_row content_placement=&#8221;middle&#8221; css=&#8221;.vc_custom_1640633297977{padding-top: 40px !important;}&#8221;][vc_column][vc_custom_heading text=&#8221;Pas de la Case : une histoire de commerce et d&#8217;avantages fiscaux \u00e0 la fronti\u00e8re entre l&#8217;Andorre et la France&#8221; font_container=&#8221;tag:h1|font_size:34|text_align:center|color:%23e1007a|line_height:45px&#8221; use_theme_fonts=&#8221;yes&#8221;][vc_text_separator title=&#8221;&#8221; i_icon_fontawesome=&#8221;fas fa-mountain&#8221; i_color=&#8221;grey&#8221; i_size=&#8221;sm&#8221; el_width=&#8221;30&#8243; add_icon=&#8221;true&#8221;][vc_empty_space height=&#8221;30px&#8221;][vc_row_inner][vc_column_inner width=&#8221;1\/3&#8243;][vc_column_text]Bienvenue au Pas de la Case, un petit village commercial situ\u00e9 \u00e0 la fronti\u00e8re entre l&#8217;Andorre et la France. Cette","og_url":"https:\/\/www.l-escala.com\/fr\/information-pas-de-la-case\/","og_site_name":"L&#039;Escala","article_publisher":"https:\/\/www.facebook.com\/escalastore","article_modified_time":"2023-08-22T15:05:18+00:00","twitter_card":"summary_large_image","twitter_misc":{"Dur\u00e9e de lecture estim\u00e9e":"4 minutes"},"schema":{"@context":"https:\/\/schema.org","@graph":[{"@type":"WebPage","@id":"https:\/\/www.l-escala.com\/fr\/information-pas-de-la-case\/","url":"https:\/\/www.l-escala.com\/fr\/information-pas-de-la-case\/","name":"\u00c0 propos de Pas de la Case - L&#039;Escala","isPartOf":{"@id":"https:\/\/www.l-escala.com\/fr\/#website"},"datePublished":"2017-04-29T21:15:42+00:00","dateModified":"2023-08-22T15:05:18+00:00","breadcrumb":{"@id":"https:\/\/www.l-escala.com\/fr\/information-pas-de-la-case\/#breadcrumb"},"inLanguage":"fr-FR","potentialAction":[{"@type":"ReadAction","target":["https:\/\/www.l-escala.com\/fr\/information-pas-de-la-case\/"]}]},{"@type":"BreadcrumbList","@id":"https:\/\/www.l-escala.com\/fr\/information-pas-de-la-case\/#breadcrumb","itemListElement":[{"@type":"ListItem","position":1,"name":"Inici","item":"https:\/\/www.l-escala.com\/fr\/"},{"@type":"ListItem","position":2,"name":"\u00c0 propos de Pas de la Case"}]},{"@type":"WebSite","@id":"https:\/\/www.l-escala.com\/fr\/#website","url":"https:\/\/www.l-escala.com\/fr\/","name":"L'Escala electronic store","description":"Botiga d&#039;electr\u00f2nica al Pas de la Casa","publisher":{"@id":"https:\/\/www.l-escala.com\/fr\/#organization"},"potentialAction":[{"@type":"SearchAction","target":{"@type":"EntryPoint","urlTemplate":"https:\/\/www.l-escala.com\/fr\/?s={search_term_string}"},"query-input":{"@type":"PropertyValueSpecification","valueRequired":true,"valueName":"search_term_string"}}],"inLanguage":"fr-FR"},{"@type":"Organization","@id":"https:\/\/www.l-escala.com\/fr\/#organization","name":"L'Escala electronic store","url":"https:\/\/www.l-escala.com\/fr\/","logo":{"@type":"ImageObject","inLanguage":"fr-FR","@id":"https:\/\/www.l-escala.com\/fr\/#\/schema\/logo\/image\/","url":"https:\/\/www.l-escala.com\/wp-content\/uploads\/2023\/05\/logo-escala-SEO.jpg","contentUrl":"https:\/\/www.l-escala.com\/wp-content\/uploads\/2023\/05\/logo-escala-SEO.jpg","width":696,"height":696,"caption":"L'Escala electronic store"},"image":{"@id":"https:\/\/www.l-escala.com\/fr\/#\/schema\/logo\/image\/"},"sameAs":["https:\/\/www.facebook.com\/escalastore","https:\/\/www.instagram.com\/lescalastore\/"]}]}},"_links":{"self":[{"href":"https:\/\/www.l-escala.com\/fr\/wp-json\/wp\/v2\/pages\/32684","targetHints":{"allow":["GET"]}}],"collection":[{"href":"https:\/\/www.l-escala.com\/fr\/wp-json\/wp\/v2\/pages"}],"about":[{"href":"https:\/\/www.l-escala.com\/fr\/wp-json\/wp\/v2\/types\/page"}],"author":[{"embeddable":true,"href":"https:\/\/www.l-escala.com\/fr\/wp-json\/wp\/v2\/users\/3"}],"replies":[{"embeddable":true,"href":"https:\/\/www.l-escala.com\/fr\/wp-json\/wp\/v2\/comments?post=32684"}],"version-history":[{"count":4,"href":"https:\/\/www.l-escala.com\/fr\/wp-json\/wp\/v2\/pages\/32684\/revisions"}],"predecessor-version":[{"id":32688,"href":"https:\/\/www.l-escala.com\/fr\/wp-json\/wp\/v2\/pages\/32684\/revisions\/32688"}],"wp:attachment":[{"href":"https:\/\/www.l-escala.com\/fr\/wp-json\/wp\/v2\/media?parent=32684"}],"curies":[{"name":"wp","href":"https:\/\/api.w.org\/{rel}","templated":true}]}}