{"id":32737,"date":"2017-04-29T23:15:42","date_gmt":"2017-04-29T21:15:42","guid":{"rendered":"https:\/\/www.l-escala.com\/pas-de-la-casa\/"},"modified":"2023-08-25T11:07:04","modified_gmt":"2023-08-25T09:07:04","slug":"tiendas-pas-de-la-casa","status":"publish","type":"page","link":"https:\/\/www.l-escala.com\/es\/tiendas-pas-de-la-casa\/","title":{"rendered":"Sobre el Pas de la Casa"},"content":{"rendered":"<section class=\"wpb-content-wrapper\"><p>[vc_row content_placement=&#8221;middle&#8221; css=&#8221;.vc_custom_1640633297977{padding-top: 40px !important;}&#8221;][vc_column][vc_custom_heading text=&#8221;El Pas de la Casa: Una historia de comercio y ventajas fiscales en la frontera entre Andorra y Francia&#8221; font_container=&#8221;tag:h1|font_size:34|text_align:center|color:%23e1007a|line_height:45px&#8221; use_theme_fonts=&#8221;yes&#8221;][vc_text_separator title=&#8221;&#8221; i_icon_fontawesome=&#8221;fas fa-mountain&#8221; i_color=&#8221;grey&#8221; i_size=&#8221;sm&#8221; el_width=&#8221;30&#8243; add_icon=&#8221;true&#8221;][vc_empty_space height=&#8221;30px&#8221;][vc_row_inner][vc_column_inner width=&#8221;1\/3&#8243;][vc_column_text]<span class=\"TextRun SCXW61245716 BCX0\" lang=\"ES-ES\" xml:lang=\"ES-ES\" data-contrast=\"auto\"><span class=\"NormalTextRun SCXW61245716 BCX0\">Bienvenidos a<\/span><span class=\"NormalTextRun SCXW61245716 BCX0\">l <\/span><span class=\"NormalTextRun SCXW61245716 BCX0\">Pas de la Casa<\/span><span class=\"NormalTextRun SCXW61245716 BCX0\">, un peque\u00f1o pueblo comercial situado en la frontera entre Andorra y Francia. Esta localidad es conocida por su historia rica en comercio y sus ventajas fiscales, que la han convertido en un destino popular para los compradores. En este art\u00edculo, exploraremos la fascinante historia <\/span><span class=\"NormalTextRun SCXW61245716 BCX0\">del<\/span><span class=\"NormalTextRun SCXW61245716 BCX0\"> Pas de la Casa<\/span><span class=\"NormalTextRun SCXW61245716 BCX0\"> y c\u00f3mo se ha convertido en un para\u00edso comercial con precios bajos y exenci\u00f3n de impuestos.<\/span><\/span>[\/vc_column_text][\/vc_column_inner][vc_column_inner width=&#8221;1\/3&#8243;][vc_single_image image=&#8221;32437&#8243; img_size=&#8221;full&#8221; alignment=&#8221;center&#8221; style=&#8221;vc_box_rounded&#8221;][\/vc_column_inner][vc_column_inner width=&#8221;1\/3&#8243;][vc_progress_bar values=&#8221;%5B%7B%22label%22%3A%22Comercio%22%2C%22value%22%3A%2290%22%2C%22color%22%3A%22bar_turquoise%22%7D%2C%7B%22label%22%3A%22Ocio%22%2C%22value%22%3A%2280%22%2C%22color%22%3A%22vista-blue%22%7D%2C%7B%22label%22%3A%22Restauraci%C3%B3n%22%2C%22value%22%3A%2270%22%2C%22color%22%3A%22bar_orange%22%7D%2C%7B%22label%22%3A%22Naturaleza%22%2C%22value%22%3A%2278%22%2C%22color%22%3A%22pink%22%7D%5D&#8221;][\/vc_column_inner][\/vc_row_inner][\/vc_column][\/vc_row][vc_row css=&#8221;.vc_custom_1686220965672{margin-top: 20px !important;margin-bottom: 40px !important;}&#8221;][vc_column][vc_custom_heading text=&#8221;UN POCO DE CONTEXTO SOBRE EL PAS DE LA CASA&#8221; font_container=&#8221;tag:h2|text_align:center&#8221; google_fonts=&#8221;font_family:Lato%3A100%2C100italic%2C300%2C300italic%2Cregular%2Citalic%2C700%2C700italic%2C900%2C900italic|font_style:400%20regular%3A400%3Anormal&#8221;][vc_text_separator title=&#8221;&#8221; i_icon_fontawesome=&#8221;fa fa-arrow-down&#8221; i_color=&#8221;grey&#8221; i_size=&#8221;sm&#8221; el_width=&#8221;30&#8243; add_icon=&#8221;true&#8221;]<div id=\"mpc_accordion-8269f164c93dc27\" class=\"mpc-accordion mpc-init mpc-transition mpc-accordion--toggle \" ><ul class=\"mpc-accordion__content\"><li class=\"mpc-accordion__item \"><div class=\"mpc-accordion-item__heading mpc-transition mpc-active\"><div data-id=\"mpc_icon-9469f164c93dc13\" class=\"mpc-icon mpc-init mpc-transition mpc-effect-fade mpc-icon-hover \"><div class=\"mpc-icon-wrap\"><i class=\"mpc-icon-part mpc-regular mpc-transition  eti eti_arrow_right_alt\"><\/i><i class=\"mpc-icon-part mpc-hover mpc-transition  eti eti_like_alt\"><\/i><\/div><\/div><h3>EL PAS DE LA CASA, UN PUNTO ESTRAT\u00c9GICO DE PASO COMERCIAL<\/h3><\/div><div class=\"mpc-accordion-item__content mpc-container\"  data-active=\"true\"><div class=\"mpc-accordion-item__wrapper\"><div id=\"mpc_textblock-3069f164c93dd0d\" class=\"mpc-textblock mpc-init \"><p><span class=\"TextRun SCXW266669416 BCX0\" lang=\"ES-ES\" xml:lang=\"ES-ES\" data-contrast=\"auto\"><span class=\"NormalTextRun SCXW266669416 BCX0\">Situado a 2.080 metros de altitud, <\/span><span class=\"NormalTextRun SCXW266669416 BCX0\">el Pas de la Casa<\/span><span class=\"NormalTextRun SCXW266669416 BCX0\"> ha sido hist\u00f3ricamente un importante punto de paso entre Andorra y Francia.<\/span><span class=\"NormalTextRun SCXW266669416 BCX0\"> Desde los a\u00f1os 30 del siglo XX, esta localidad ha sido un lugar de encuentro para comerciantes y compradores de ambos pa\u00edses. Su ubicaci\u00f3n geogr\u00e1fica \u00fanica en la frontera ha desempe\u00f1ado un papel clave en el desarrollo de su car\u00e1cter comercial.<\/span><\/span><\/p>\n<\/div><\/div><\/div><\/li><li class=\"mpc-accordion__item \"><div class=\"mpc-accordion-item__heading mpc-transition\"><div data-id=\"mpc_icon-9469f164c93dc13\" class=\"mpc-icon mpc-init mpc-transition mpc-effect-fade mpc-icon-hover \"><div class=\"mpc-icon-wrap\"><i class=\"mpc-icon-part mpc-regular mpc-transition  eti eti_arrow_right_alt\"><\/i><i class=\"mpc-icon-part mpc-hover mpc-transition  eti eti_like_alt\"><\/i><\/div><\/div><h3>LOS INICIOS DEL COMERCIO EN EL PAS DE LA CASA<\/h3><\/div><div class=\"mpc-accordion-item__content mpc-container\" ><div class=\"mpc-accordion-item__wrapper\"><div id=\"mpc_textblock-1069f164c93dd8d\" class=\"mpc-textblock mpc-init \"><p><span class=\"TextRun SCXW125288930 BCX0\" lang=\"ES-ES\" xml:lang=\"ES-ES\" data-contrast=\"auto\"><span class=\"NormalTextRun SCXW125288930 BCX0\">El Pas de la Casa<\/span><span class=\"NormalTextRun SCXW125288930 BCX0\"> comenz\u00f3 a ganar importancia como centro comercial cuando se construy\u00f3 la carretera entre el centro de Andorra y el entonces caser\u00edo a principios del siglo XX. Los comerciantes locales comenzaron a establecer tiendas y negocios para atender las necesidades de los viajeros y residentes que iban en aumento del entonces caser\u00edo. El comercio se expandi\u00f3 r\u00e1pidamente y <\/span><span class=\"NormalTextRun SCXW125288930 BCX0\">el Pas de la Casa<\/span><span class=\"NormalTextRun SCXW125288930 BCX0\"> se convirti\u00f3 en un lugar animado lleno de actividad comercial. Lo que comenz\u00f3 en 1918 con la construcci\u00f3n de un refugio en la orilla izquierda del r\u00edo Ari\u00e8ge no ha dejado de crecer hasta hoy, con una poblaci\u00f3n de alrededor de 2.000 habitantes.<\/span><\/span><\/p>\n<\/div><\/div><\/div><\/li><li class=\"mpc-accordion__item \"><div class=\"mpc-accordion-item__heading mpc-transition\"><div data-id=\"mpc_icon-9469f164c93dc13\" class=\"mpc-icon mpc-init mpc-transition mpc-effect-fade mpc-icon-hover \"><div class=\"mpc-icon-wrap\"><i class=\"mpc-icon-part mpc-regular mpc-transition  eti eti_arrow_right_alt\"><\/i><i class=\"mpc-icon-part mpc-hover mpc-transition  eti eti_like_alt\"><\/i><\/div><\/div><h3>LOS PRECIOS BAJOS Y EL TAX FREE<\/h3><\/div><div class=\"mpc-accordion-item__content mpc-container\" ><div class=\"mpc-accordion-item__wrapper\"><div id=\"mpc_textblock-3469f164c93dde8\" class=\"mpc-textblock mpc-init \"><p><span class=\"TextRun SCXW14040845 BCX0\" lang=\"ES-ES\" xml:lang=\"ES-ES\" data-contrast=\"auto\"><span class=\"NormalTextRun SCXW14040845 BCX0\">Una de las caracter\u00edsticas que ha hecho <\/span><span class=\"NormalTextRun SCXW14040845 BCX0\">del<\/span><span class=\"NormalTextRun SCXW14040845 BCX0\"> Pas de la Casa<\/span><span class=\"NormalTextRun SCXW14040845 BCX0\"> un destino tan popular es su reputaci\u00f3n de tener precios bajos. Gracias a los impuestos m\u00e1s bajos en Andorra, los comercios <\/span><span class=\"NormalTextRun SCXW14040845 BCX0\">del<\/span><span class=\"NormalTextRun SCXW14040845 BCX0\"> Pas de la Casa<\/span><span class=\"NormalTextRun SCXW14040845 BCX0\"> pueden ofrecer productos a precios muy competitivos en comparaci\u00f3n con otros lugares de la regi\u00f3n. Esta ventaja econ\u00f3mica ha atra\u00eddo visitantes de todo el mundo que buscan aprovechar los bajos precios en una amplia gama de productos.<\/span><\/span><\/p>\n<\/div><\/div><\/div><\/li><li class=\"mpc-accordion__item \"><div class=\"mpc-accordion-item__heading mpc-transition\"><div data-id=\"mpc_icon-9469f164c93dc13\" class=\"mpc-icon mpc-init mpc-transition mpc-effect-fade mpc-icon-hover \"><div class=\"mpc-icon-wrap\"><i class=\"mpc-icon-part mpc-regular mpc-transition  eti eti_arrow_right_alt\"><\/i><i class=\"mpc-icon-part mpc-hover mpc-transition  eti eti_like_alt\"><\/i><\/div><\/div><h3>LA EXENCI\u00d3N DE IMPUESTOS Y LOS BENEFICIOS FISCALES<\/h3><\/div><div class=\"mpc-accordion-item__content mpc-container\" ><div class=\"mpc-accordion-item__wrapper\"><div id=\"mpc_textblock-4869f164c93de39\" class=\"mpc-textblock mpc-init \"><p><span class=\"TextRun SCXW47834592 BCX0\" lang=\"ES-ES\" xml:lang=\"ES-ES\" data-contrast=\"auto\"><span class=\"NormalTextRun SCXW47834592 BCX0\">Otra raz\u00f3n por la cual <\/span><span class=\"NormalTextRun SCXW47834592 BCX0\">el Pas de la Casa<\/span><span class=\"NormalTextRun SCXW47834592 BCX0\"> es un destino tan atractivo<\/span> <span class=\"NormalTextRun SCXW47834592 BCX0\">es su pol\u00edtica de exenci\u00f3n de impuestos. Los compradores pueden disfrutar de beneficios fiscales significativos en muchos art\u00edculos, ya que Andorra no cobra el IVA (Impuesto sobre el Valor A\u00f1adido) en sus transacciones comerciales. Esto hace que <\/span><span class=\"NormalTextRun SCXW47834592 BCX0\">el Pas de la Casa<\/span><span class=\"NormalTextRun SCXW47834592 BCX0\"> sea un lugar ideal para compras<\/span> <span class=\"NormalTextRun SCXW47834592 BCX0\">como electr\u00f3nica, ropa, tabaco y alcohol.<\/span><\/span><\/p>\n<\/div><\/div><\/div><\/li><li class=\"mpc-accordion__item \"><div class=\"mpc-accordion-item__heading mpc-transition\"><div data-id=\"mpc_icon-9469f164c93dc13\" class=\"mpc-icon mpc-init mpc-transition mpc-effect-fade mpc-icon-hover \"><div class=\"mpc-icon-wrap\"><i class=\"mpc-icon-part mpc-regular mpc-transition  eti eti_arrow_right_alt\"><\/i><i class=\"mpc-icon-part mpc-hover mpc-transition  eti eti_like_alt\"><\/i><\/div><\/div><h3>LA EVOLUCI\u00d3N DE EL PAS DE LA CASA<\/h3><\/div><div class=\"mpc-accordion-item__content mpc-container\" ><div class=\"mpc-accordion-item__wrapper\"><div id=\"mpc_textblock-9969f164c93de8c\" class=\"mpc-textblock mpc-init \"><p><span class=\"TextRun SCXW220892373 BCX0\" lang=\"ES-ES\" xml:lang=\"ES-ES\" data-contrast=\"auto\"><span class=\"NormalTextRun SCXW220892373 BCX0\">Con el paso del tiempo, <\/span><span class=\"NormalTextRun SCXW220892373 BCX0\">el Pas de la Casa<\/span><span class=\"NormalTextRun SCXW220892373 BCX0\"> se ha convertido en un moderno destino comercial con una gran variedad de tiendas, centros comerciales y restaurantes. La infraestructura se ha adaptado para satisfacer las necesidades de los visitantes, ofreciendo estacionamientos, servicios tur\u00edsticos y una amplia gama de opciones de alojamiento. Adem\u00e1s, la conexi\u00f3n con las estaciones de esqu\u00ed cercanas ha convertido <\/span><span class=\"NormalTextRun SCXW220892373 BCX0\">al<\/span><span class=\"NormalTextRun SCXW220892373 BCX0\"> Pas de la Casa<\/span><span class=\"NormalTextRun SCXW220892373 BCX0\"> en un destino popular para los amantes del deporte de invierno.<\/span><\/span><\/p>\n<\/div><\/div><\/div><\/li><li class=\"mpc-accordion__item \"><div class=\"mpc-accordion-item__heading mpc-transition\"><div data-id=\"mpc_icon-9469f164c93dc13\" class=\"mpc-icon mpc-init mpc-transition mpc-effect-fade mpc-icon-hover \"><div class=\"mpc-icon-wrap\"><i class=\"mpc-icon-part mpc-regular mpc-transition  eti eti_arrow_right_alt\"><\/i><i class=\"mpc-icon-part mpc-hover mpc-transition  eti eti_like_alt\"><\/i><\/div><\/div><h3>Conclusi\u00f3n<\/h3><\/div><div class=\"mpc-accordion-item__content mpc-container\" ><div class=\"mpc-accordion-item__wrapper\"><div id=\"mpc_textblock-6769f164c93dedc\" class=\"mpc-textblock mpc-init \"><p><span class=\"TextRun SCXW9942869 BCX0\" lang=\"ES-ES\" xml:lang=\"ES-ES\" data-contrast=\"auto\"><span class=\"NormalTextRun SCXW9942869 BCX0\">El Pas de la Casa<\/span><span class=\"NormalTextRun SCXW9942869 BCX0\"> es un pueblo comercial \u00fanico con una historia rica y una ubicaci\u00f3n estrat\u00e9gica en la frontera entre Andorra y Francia. Sus precios competitivos y beneficios fiscales lo han convertido en un destino de compras preferido para muchos visitantes. Ya sea por sus tiendas, sus restaurantes o sus actividades al aire libre, <\/span><span class=\"NormalTextRun SCXW9942869 BCX0\">el Pas de la Casa<\/span><span class=\"NormalTextRun SCXW9942869 BCX0\"> ofrece una experiencia \u00fanica para todos los que lo visitan. Descubre esta encantadora localidad y disfruta de su atm\u00f3sfera comercial vibrante y sus ventajas econ\u00f3micas.<\/span><\/span><\/p>\n<\/div><\/div><\/div><\/li><\/ul><\/div>[\/vc_column][\/vc_row]<\/p>\n<\/section>","protected":false},"excerpt":{"rendered":"<p>[vc_row content_placement=&#8221;middle&#8221; css=&#8221;.vc_custom_1640633297977{padding-top: 40px !important;}&#8221;][vc_column][vc_custom_heading text=&#8221;El Pas de la Casa: Una historia de comercio y ventajas fiscales en la frontera entre Andorra y Francia&#8221; font_container=&#8221;tag:h1|font_size:34|text_align:center|color:%23e1007a|line_height:45px&#8221; use_theme_fonts=&#8221;yes&#8221;][vc_text_separator title=&#8221;&#8221; i_icon_fontawesome=&#8221;fas fa-mountain&#8221; i_color=&#8221;grey&#8221; i_size=&#8221;sm&#8221; el_width=&#8221;30&#8243; add_icon=&#8221;true&#8221;][vc_empty_space height=&#8221;30px&#8221;][vc_row_inner][vc_column_inner width=&#8221;1\/3&#8243;][vc_column_text]Bienvenidos al Pas de la Casa, un peque\u00f1o pueblo comercial situado en la frontera entre Andorra y Francia. Esta localidad es<\/p>\n","protected":false},"author":3,"featured_media":0,"parent":0,"menu_order":0,"comment_status":"closed","ping_status":"closed","template":"","meta":{"om_disable_all_campaigns":false,"_monsterinsights_skip_tracking":false,"_monsterinsights_sitenote_active":false,"_monsterinsights_sitenote_note":"","_monsterinsights_sitenote_category":0,"_uf_show_specific_survey":0,"_uf_disable_surveys":false,"footnotes":""},"class_list":["post-32737","page","type-page","status-publish","hentry"],"yoast_head":"<!-- This site is optimized with the Yoast SEO plugin v26.8 - https:\/\/yoast.com\/product\/yoast-seo-wordpress\/ -->\n<title>L&#039;Escala, tu tienda en el Pas de la Casa - L&#039;Escala, Eletronic Store<\/title>\n<meta name=\"robots\" content=\"index, follow, max-snippet:-1, max-image-preview:large, max-video-preview:-1\" \/>\n<link rel=\"canonical\" href=\"https:\/\/www.l-escala.com\/es\/tiendas-pas-de-la-casa\/\" \/>\n<meta property=\"og:locale\" content=\"es_ES\" \/>\n<meta property=\"og:type\" content=\"article\" \/>\n<meta property=\"og:title\" content=\"L&#039;Escala, tu tienda en el Pas de la Casa - L&#039;Escala, Eletronic Store\" \/>\n<meta property=\"og:description\" content=\"[vc_row content_placement=&#8221;middle&#8221; css=&#8221;.vc_custom_1640633297977{padding-top: 40px !important;}&#8221;][vc_column][vc_custom_heading text=&#8221;El Pas de la Casa: Una historia de comercio y ventajas fiscales en la frontera entre Andorra y Francia&#8221; font_container=&#8221;tag:h1|font_size:34|text_align:center|color:%23e1007a|line_height:45px&#8221; use_theme_fonts=&#8221;yes&#8221;][vc_text_separator title=&#8221;&#8221; i_icon_fontawesome=&#8221;fas fa-mountain&#8221; i_color=&#8221;grey&#8221; i_size=&#8221;sm&#8221; el_width=&#8221;30&#8243; add_icon=&#8221;true&#8221;][vc_empty_space height=&#8221;30px&#8221;][vc_row_inner][vc_column_inner width=&#8221;1\/3&#8243;][vc_column_text]Bienvenidos al Pas de la Casa, un peque\u00f1o pueblo comercial situado en la frontera entre Andorra y Francia. Esta localidad es\" \/>\n<meta property=\"og:url\" content=\"https:\/\/www.l-escala.com\/es\/tiendas-pas-de-la-casa\/\" \/>\n<meta property=\"og:site_name\" content=\"L&#039;Escala\" \/>\n<meta property=\"article:publisher\" content=\"https:\/\/www.facebook.com\/escalastore\" \/>\n<meta property=\"article:modified_time\" content=\"2023-08-25T09:07:04+00:00\" \/>\n<meta name=\"twitter:card\" content=\"summary_large_image\" \/>\n<meta name=\"twitter:label1\" content=\"Tiempo de lectura\" \/>\n\t<meta name=\"twitter:data1\" content=\"4 minutos\" \/>\n<script type=\"application\/ld+json\" class=\"yoast-schema-graph\">{\"@context\":\"https:\/\/schema.org\",\"@graph\":[{\"@type\":\"WebPage\",\"@id\":\"https:\/\/www.l-escala.com\/es\/tiendas-pas-de-la-casa\/\",\"url\":\"https:\/\/www.l-escala.com\/es\/tiendas-pas-de-la-casa\/\",\"name\":\"L'Escala, tu tienda en el Pas de la Casa - L'Escala, Eletronic Store\",\"isPartOf\":{\"@id\":\"https:\/\/www.l-escala.com\/es\/#website\"},\"datePublished\":\"2017-04-29T21:15:42+00:00\",\"dateModified\":\"2023-08-25T09:07:04+00:00\",\"breadcrumb\":{\"@id\":\"https:\/\/www.l-escala.com\/es\/tiendas-pas-de-la-casa\/#breadcrumb\"},\"inLanguage\":\"es\",\"potentialAction\":[{\"@type\":\"ReadAction\",\"target\":[\"https:\/\/www.l-escala.com\/es\/tiendas-pas-de-la-casa\/\"]}]},{\"@type\":\"BreadcrumbList\",\"@id\":\"https:\/\/www.l-escala.com\/es\/tiendas-pas-de-la-casa\/#breadcrumb\",\"itemListElement\":[{\"@type\":\"ListItem\",\"position\":1,\"name\":\"Inici\",\"item\":\"https:\/\/www.l-escala.com\/es\/\"},{\"@type\":\"ListItem\",\"position\":2,\"name\":\"Sobre el Pas de la Casa\"}]},{\"@type\":\"WebSite\",\"@id\":\"https:\/\/www.l-escala.com\/es\/#website\",\"url\":\"https:\/\/www.l-escala.com\/es\/\",\"name\":\"L'Escala electronic store\",\"description\":\"Botiga d&#039;electr\u00f2nica al Pas de la Casa\",\"publisher\":{\"@id\":\"https:\/\/www.l-escala.com\/es\/#organization\"},\"potentialAction\":[{\"@type\":\"SearchAction\",\"target\":{\"@type\":\"EntryPoint\",\"urlTemplate\":\"https:\/\/www.l-escala.com\/es\/?s={search_term_string}\"},\"query-input\":{\"@type\":\"PropertyValueSpecification\",\"valueRequired\":true,\"valueName\":\"search_term_string\"}}],\"inLanguage\":\"es\"},{\"@type\":\"Organization\",\"@id\":\"https:\/\/www.l-escala.com\/es\/#organization\",\"name\":\"L'Escala electronic store\",\"url\":\"https:\/\/www.l-escala.com\/es\/\",\"logo\":{\"@type\":\"ImageObject\",\"inLanguage\":\"es\",\"@id\":\"https:\/\/www.l-escala.com\/es\/#\/schema\/logo\/image\/\",\"url\":\"https:\/\/www.l-escala.com\/wp-content\/uploads\/2023\/05\/logo-escala-SEO.jpg\",\"contentUrl\":\"https:\/\/www.l-escala.com\/wp-content\/uploads\/2023\/05\/logo-escala-SEO.jpg\",\"width\":696,\"height\":696,\"caption\":\"L'Escala electronic store\"},\"image\":{\"@id\":\"https:\/\/www.l-escala.com\/es\/#\/schema\/logo\/image\/\"},\"sameAs\":[\"https:\/\/www.facebook.com\/escalastore\",\"https:\/\/www.instagram.com\/lescalastore\/\"]}]}<\/script>\n<!-- \/ Yoast SEO plugin. -->","yoast_head_json":{"title":"L'Escala, tu tienda en el Pas de la Casa - L'Escala, Eletronic Store","robots":{"index":"index","follow":"follow","max-snippet":"max-snippet:-1","max-image-preview":"max-image-preview:large","max-video-preview":"max-video-preview:-1"},"canonical":"https:\/\/www.l-escala.com\/es\/tiendas-pas-de-la-casa\/","og_locale":"es_ES","og_type":"article","og_title":"L'Escala, tu tienda en el Pas de la Casa - L'Escala, Eletronic Store","og_description":"[vc_row content_placement=&#8221;middle&#8221; css=&#8221;.vc_custom_1640633297977{padding-top: 40px !important;}&#8221;][vc_column][vc_custom_heading text=&#8221;El Pas de la Casa: Una historia de comercio y ventajas fiscales en la frontera entre Andorra y Francia&#8221; font_container=&#8221;tag:h1|font_size:34|text_align:center|color:%23e1007a|line_height:45px&#8221; use_theme_fonts=&#8221;yes&#8221;][vc_text_separator title=&#8221;&#8221; i_icon_fontawesome=&#8221;fas fa-mountain&#8221; i_color=&#8221;grey&#8221; i_size=&#8221;sm&#8221; el_width=&#8221;30&#8243; add_icon=&#8221;true&#8221;][vc_empty_space height=&#8221;30px&#8221;][vc_row_inner][vc_column_inner width=&#8221;1\/3&#8243;][vc_column_text]Bienvenidos al Pas de la Casa, un peque\u00f1o pueblo comercial situado en la frontera entre Andorra y Francia. Esta localidad es","og_url":"https:\/\/www.l-escala.com\/es\/tiendas-pas-de-la-casa\/","og_site_name":"L&#039;Escala","article_publisher":"https:\/\/www.facebook.com\/escalastore","article_modified_time":"2023-08-25T09:07:04+00:00","twitter_card":"summary_large_image","twitter_misc":{"Tiempo de lectura":"4 minutos"},"schema":{"@context":"https:\/\/schema.org","@graph":[{"@type":"WebPage","@id":"https:\/\/www.l-escala.com\/es\/tiendas-pas-de-la-casa\/","url":"https:\/\/www.l-escala.com\/es\/tiendas-pas-de-la-casa\/","name":"L'Escala, tu tienda en el Pas de la Casa - L'Escala, Eletronic Store","isPartOf":{"@id":"https:\/\/www.l-escala.com\/es\/#website"},"datePublished":"2017-04-29T21:15:42+00:00","dateModified":"2023-08-25T09:07:04+00:00","breadcrumb":{"@id":"https:\/\/www.l-escala.com\/es\/tiendas-pas-de-la-casa\/#breadcrumb"},"inLanguage":"es","potentialAction":[{"@type":"ReadAction","target":["https:\/\/www.l-escala.com\/es\/tiendas-pas-de-la-casa\/"]}]},{"@type":"BreadcrumbList","@id":"https:\/\/www.l-escala.com\/es\/tiendas-pas-de-la-casa\/#breadcrumb","itemListElement":[{"@type":"ListItem","position":1,"name":"Inici","item":"https:\/\/www.l-escala.com\/es\/"},{"@type":"ListItem","position":2,"name":"Sobre el Pas de la Casa"}]},{"@type":"WebSite","@id":"https:\/\/www.l-escala.com\/es\/#website","url":"https:\/\/www.l-escala.com\/es\/","name":"L'Escala electronic store","description":"Botiga d&#039;electr\u00f2nica al Pas de la Casa","publisher":{"@id":"https:\/\/www.l-escala.com\/es\/#organization"},"potentialAction":[{"@type":"SearchAction","target":{"@type":"EntryPoint","urlTemplate":"https:\/\/www.l-escala.com\/es\/?s={search_term_string}"},"query-input":{"@type":"PropertyValueSpecification","valueRequired":true,"valueName":"search_term_string"}}],"inLanguage":"es"},{"@type":"Organization","@id":"https:\/\/www.l-escala.com\/es\/#organization","name":"L'Escala electronic store","url":"https:\/\/www.l-escala.com\/es\/","logo":{"@type":"ImageObject","inLanguage":"es","@id":"https:\/\/www.l-escala.com\/es\/#\/schema\/logo\/image\/","url":"https:\/\/www.l-escala.com\/wp-content\/uploads\/2023\/05\/logo-escala-SEO.jpg","contentUrl":"https:\/\/www.l-escala.com\/wp-content\/uploads\/2023\/05\/logo-escala-SEO.jpg","width":696,"height":696,"caption":"L'Escala electronic store"},"image":{"@id":"https:\/\/www.l-escala.com\/es\/#\/schema\/logo\/image\/"},"sameAs":["https:\/\/www.facebook.com\/escalastore","https:\/\/www.instagram.com\/lescalastore\/"]}]}},"_links":{"self":[{"href":"https:\/\/www.l-escala.com\/es\/wp-json\/wp\/v2\/pages\/32737","targetHints":{"allow":["GET"]}}],"collection":[{"href":"https:\/\/www.l-escala.com\/es\/wp-json\/wp\/v2\/pages"}],"about":[{"href":"https:\/\/www.l-escala.com\/es\/wp-json\/wp\/v2\/types\/page"}],"author":[{"embeddable":true,"href":"https:\/\/www.l-escala.com\/es\/wp-json\/wp\/v2\/users\/3"}],"replies":[{"embeddable":true,"href":"https:\/\/www.l-escala.com\/es\/wp-json\/wp\/v2\/comments?post=32737"}],"version-history":[{"count":3,"href":"https:\/\/www.l-escala.com\/es\/wp-json\/wp\/v2\/pages\/32737\/revisions"}],"predecessor-version":[{"id":32740,"href":"https:\/\/www.l-escala.com\/es\/wp-json\/wp\/v2\/pages\/32737\/revisions\/32740"}],"wp:attachment":[{"href":"https:\/\/www.l-escala.com\/es\/wp-json\/wp\/v2\/media?parent=32737"}],"curies":[{"name":"wp","href":"https:\/\/api.w.org\/{rel}","templated":true}]}}